{"id":6774,"date":"2023-06-26T11:01:46","date_gmt":"2023-06-26T09:01:46","guid":{"rendered":"https:\/\/camping-albret.com\/seaside\/"},"modified":"2023-11-29T14:27:30","modified_gmt":"2023-11-29T13:27:30","slug":"camping-junto-al-mar-messanges","status":"publish","type":"page","link":"https:\/\/camping-albret.com\/es\/camping-junto-al-mar-messanges\/","title":{"rendered":"Camping junto al mar"},"content":{"rendered":"\n<div class=\"wp-block-group is-layout-constrained wp-container-core-group-is-layout-3b3f7343 wp-block-group-is-layout-constrained\" style=\"padding-top:var(--wp--preset--spacing--60);padding-bottom:var(--wp--preset--spacing--60)\">\n<h1 class=\"wp-block-heading alignwide has-text-align-center has-link-color-color has-text-color has-x-large-font-size\" style=\"margin-top:var(--wp--preset--spacing--60);margin-right:var(--wp--preset--spacing--60);margin-bottom:var(--wp--preset--spacing--60);margin-left:var(--wp--preset--spacing--60);padding-top:var(--wp--preset--spacing--60);padding-right:var(--wp--preset--spacing--60);padding-bottom:var(--wp--preset--spacing--60);padding-left:var(--wp--preset--spacing--60);text-transform:capitalize\">Su Camping Paradis junto al mar en las Landas<\/h1>\n\n\n\n<p class=\"has-text-align-center\">A s\u00f3lo <strong>700 m<\/strong> del camping, le espera el oc\u00e9ano Atl\u00e1ntico. En el programa: un <strong>vigorizante ba\u00f1o en las olas<\/strong>,<strong> tomar el sol<\/strong> en las <strong>numerosas playas de arena<\/strong> y un merecido <strong>descanso<\/strong>. <\/p>\n\n\n\n<div class=\"wp-block-columns is-layout-flex wp-container-core-columns-is-layout-08c01c1c wp-block-columns-is-layout-flex\">\n<div class=\"wp-block-column is-layout-flow wp-container-core-column-is-layout-119bc444 wp-block-column-is-layout-flow\" style=\"flex-basis:60%\">\n<div class=\"wp-block-columns is-layout-flex wp-container-core-columns-is-layout-08c01c1c wp-block-columns-is-layout-flex\">\n<div class=\"wp-block-column is-layout-flow wp-container-core-column-is-layout-119bc444 wp-block-column-is-layout-flow\">\n<figure class=\"wp-block-image size-full has-custom-border alignfull animated fadeIn slow\"><a href=\"https:\/\/camping-albret.com\/wp-content\/uploads\/sites\/48\/2023\/09\/Plage-proche-du-camping-paradis-Albret-1.webp\"><img decoding=\"async\" width=\"2000\" height=\"1235\" sizes=\"(max-width: min(calc(100% - 15vw), 2000px)) 100vw, min(calc(100% - 15vw), 2000px)\" src=\"https:\/\/camping-albret.com\/wp-content\/uploads\/sites\/48\/2023\/09\/Plage-proche-du-camping-paradis-Albret-1.webp\" alt=\"Playa cerca de Camping Paradis Albret\" class=\"wp-image-6016\" style=\"border-top-left-radius:2rem\" srcset=\"https:\/\/camping-albret.com\/wp-content\/uploads\/sites\/48\/2023\/09\/Plage-proche-du-camping-paradis-Albret-1.webp 2000w, https:\/\/camping-albret.com\/wp-content\/uploads\/sites\/48\/2023\/09\/Plage-proche-du-camping-paradis-Albret-1-300x185.webp 300w, https:\/\/camping-albret.com\/wp-content\/uploads\/sites\/48\/2023\/09\/Plage-proche-du-camping-paradis-Albret-1-1024x632.webp 1024w, https:\/\/camping-albret.com\/wp-content\/uploads\/sites\/48\/2023\/09\/Plage-proche-du-camping-paradis-Albret-1-768x474.webp 768w, https:\/\/camping-albret.com\/wp-content\/uploads\/sites\/48\/2023\/09\/Plage-proche-du-camping-paradis-Albret-1-1536x948.webp 1536w\" \/><\/a><\/figure>\n\n\n\n<figure class=\"wp-block-image size-full alignfull animated fadeIn delay-200ms slow\"><a href=\"https:\/\/camping-albret.com\/wp-content\/uploads\/sites\/48\/2023\/09\/Belle-plage-dans-les-landes.webp\"><img decoding=\"async\" width=\"2000\" height=\"1333\" sizes=\"(max-width: min(calc(100% - 15vw), 2000px)) 100vw, min(calc(100% - 15vw), 2000px)\" src=\"https:\/\/camping-albret.com\/wp-content\/uploads\/sites\/48\/2023\/09\/Belle-plage-dans-les-landes.webp\" alt=\"Hermosa playa en los p&#xE1;ramos\" class=\"wp-image-6015\" srcset=\"https:\/\/camping-albret.com\/wp-content\/uploads\/sites\/48\/2023\/09\/Belle-plage-dans-les-landes.webp 2000w, https:\/\/camping-albret.com\/wp-content\/uploads\/sites\/48\/2023\/09\/Belle-plage-dans-les-landes-300x200.webp 300w, https:\/\/camping-albret.com\/wp-content\/uploads\/sites\/48\/2023\/09\/Belle-plage-dans-les-landes-1024x682.webp 1024w, https:\/\/camping-albret.com\/wp-content\/uploads\/sites\/48\/2023\/09\/Belle-plage-dans-les-landes-768x512.webp 768w, https:\/\/camping-albret.com\/wp-content\/uploads\/sites\/48\/2023\/09\/Belle-plage-dans-les-landes-1536x1024.webp 1536w\" \/><\/a><\/figure>\n<\/div>\n\n\n\n<div class=\"wp-block-column is-layout-flow wp-block-column-is-layout-flow\">\n<figure class=\"wp-block-image size-full alignfull animated refill fadeIn delay-100ms slow\"><a href=\"https:\/\/camping-albret.com\/wp-content\/uploads\/sites\/48\/2023\/09\/Cote-landaise-1-scaled.webp\"><img decoding=\"async\" width=\"1618\" height=\"2048\" sizes=\"(max-width: min(calc(100% - 15vw), 1618px)) 100vw, min(calc(100% - 15vw), 1618px)\" src=\"https:\/\/camping-albret.com\/wp-content\/uploads\/sites\/48\/2023\/09\/Cote-landaise-1-scaled.webp\" alt=\"Costa de las Landas\" class=\"wp-image-6017\" style=\"aspect-ratio:3\/4;object-fit:cover\" srcset=\"https:\/\/camping-albret.com\/wp-content\/uploads\/sites\/48\/2023\/09\/Cote-landaise-1-scaled.webp 1618w, https:\/\/camping-albret.com\/wp-content\/uploads\/sites\/48\/2023\/09\/Cote-landaise-1-237x300.webp 237w, https:\/\/camping-albret.com\/wp-content\/uploads\/sites\/48\/2023\/09\/Cote-landaise-1-809x1024.webp 809w, https:\/\/camping-albret.com\/wp-content\/uploads\/sites\/48\/2023\/09\/Cote-landaise-1-768x972.webp 768w, https:\/\/camping-albret.com\/wp-content\/uploads\/sites\/48\/2023\/09\/Cote-landaise-1-1213x1536.webp 1213w\" \/><\/a><\/figure>\n<\/div>\n<\/div>\n<\/div>\n\n\n\n<div class=\"wp-block-column is-vertically-aligned-top is-layout-flow wp-block-column-is-layout-flow\" style=\"flex-basis:40%\">\n<div class=\"wp-block-group is-layout-flow wp-block-group-is-layout-flow\" style=\"padding-right:var(--wp--preset--spacing--40);padding-bottom:0;padding-left:var(--wp--preset--spacing--40)\">\n<h2 class=\"wp-block-heading\">Camping Paradis cerca de las playas: su estancia en la costa atl\u00e1ntica en Messanges<\/h2>\n\n\n\n<p>Imaginez-vous en train de savourer votre petit-d\u00e9jeuner avec le doux murmure des vagues en bruit de fond. Au <a href=\"https:\/\/camping-albret.com\/es\/\">camping Paradis Albret<\/a>, nous vous offrons exactement ce tableau idyllique et bien plus encore ! Situ\u00e9 \u00e0 seulement <strong>8 minutes en voiture de la mer<\/strong>, notre camping est l&#8217;endroit id\u00e9al pour ceux qui r\u00eavent de vacances en bord de mer.<\/p>\n\n\n\n<p>Descubra la<strong> playa de Sabl\u00e8res<\/strong>, joya de Messanges, donde el tiempo parece haberse detenido. Tanto si es un apasionado de los deportes n\u00e1uticos como si s\u00f3lo busca un lugar tranquilo para relajarse, nuestro Camping Paradis, cerca de las playas, es su destino ideal.  Disfrute de unas vacaciones de<strong> camping Paradis a orillas del mar <\/strong>, donde la relajaci\u00f3n se une a la aventura, todo ello en el encantador entorno de las Landas.<\/p>\n<\/div>\n<\/div>\n<\/div>\n<\/div>\n\n<div class=\"wp-block-group overflow-hidden is-layout-flow wp-block-group-is-layout-flow\" style=\"margin-top:0;margin-bottom:0;padding-top:0;padding-bottom:0\">\n<div class=\"wp-block-group overflow-hidden has-color-4-background-color has-background is-layout-flow wp-block-group-is-layout-flow\" style=\"padding-top:0;padding-bottom:0\">\n<figure class=\"wp-block-image size-full is-resized rellax m-n-l-38 opacity-30 is-style-gt-bg-image-top-center\"><img decoding=\"async\" sizes=\"(max-width: min(calc(100% - 15vw), 1024px)) 100vw, min(calc(100% - 15vw), 1024px)\" src=\"https:\/\/camping-albret.com\/wp-content\/uploads\/sites\/48\/2023\/06\/Camping-Paradis-Chanterelles73.webp\" alt=\"logotipo del pez\" class=\"wp-image-4392\" style=\"width:256px;height:256px\" width=\"256\" height=\"256\" srcset=\"https:\/\/camping-albret.com\/wp-content\/uploads\/sites\/48\/2023\/06\/Camping-Paradis-Chanterelles73.webp 1024w, https:\/\/camping-albret.com\/wp-content\/uploads\/sites\/48\/2023\/06\/Camping-Paradis-Chanterelles73-300x300.webp 300w, https:\/\/camping-albret.com\/wp-content\/uploads\/sites\/48\/2023\/06\/Camping-Paradis-Chanterelles73-150x150.webp 150w, https:\/\/camping-albret.com\/wp-content\/uploads\/sites\/48\/2023\/06\/Camping-Paradis-Chanterelles73-768x768.webp 768w\" \/><\/figure>\n\n\n\n<div class=\"wp-block-columns are-vertically-aligned-center is-layout-flex wp-container-core-columns-is-layout-28f84493 wp-block-columns-is-layout-flex\">\n<div class=\"wp-block-column is-vertically-aligned-center is-layout-flow wp-block-column-is-layout-flow\" style=\"padding-top:var(--wp--preset--spacing--80);padding-right:var(--wp--preset--spacing--80);padding-bottom:var(--wp--preset--spacing--80);padding-left:var(--wp--preset--spacing--80);flex-basis:50%\">\n<h2 class=\"wp-block-heading has-text-align-center has-ursula-font-family has-large-font-size\">Las playas m\u00e1s bonitas de las Landas<\/h2>\n\n\n\n<div class=\"wp-block-group is-layout-constrained wp-container-core-group-is-layout-e96ec58c wp-block-group-is-layout-constrained\">\n<hr class=\"wp-block-separator has-text-color has-link-color-color has-alpha-channel-opacity has-link-color-background-color has-background\"\/>\n<\/div>\n\n\n\n<p>Las Landas, enclavadas en la costa atl\u00e1ntica francesa, albergan magn\u00edficas playas que combinan naturaleza salvaje y comodidades modernas. La <strong>playa de Vivier<\/strong>, en Biscarrosse, es el para\u00edso de los surfistas, mientras que la <strong>de Navarosse<\/strong> es ideal para familias que buscan tranquilidad y actividades acu\u00e1ticas.  <br\/><br\/>Para una experiencia m\u00e1s salvaje, opte por la <strong>playa de Ch\u00eanes Li\u00e8ges<\/strong>, en Moliets-et-M\u00e2\u00e2, conocida por su ambiente tranquilo y sus espl\u00e9ndidas puestas de sol. A los amantes del surf tambi\u00e9n les encantar\u00e1 la <strong>Plage Centrale<\/strong> de Hossegor. Adem\u00e1s, varias de estas playas est\u00e1n cerca de nuestro camping Paradis Albret, por lo que es la oportunidad perfecta para prolongar su estancia y aprovechar al m\u00e1ximo la belleza natural de la regi\u00f3n.  <\/p>\n<\/div>\n\n\n\n<div class=\"wp-block-column is-vertically-aligned-center is-layout-flow wp-block-column-is-layout-flow\" style=\"flex-basis:50%\">\n<div class=\"wp-block-group overflow-auto is-layout-flow wp-block-group-is-layout-flow\" style=\"padding-left:var(--wp--preset--spacing--80)\">\n<figure class=\"wp-block-image alignright size-full alignfull blobed\"><a href=\"https:\/\/camping-albret.com\/wp-content\/uploads\/sites\/48\/2023\/09\/Plage-pour-enfants-dans-les-landes.webp\"><img decoding=\"async\" width=\"2000\" height=\"1333\" sizes=\"(max-width: min(calc(100% - 15vw), 2000px)) 100vw, min(calc(100% - 15vw), 2000px)\" src=\"https:\/\/camping-albret.com\/wp-content\/uploads\/sites\/48\/2023\/09\/Plage-pour-enfants-dans-les-landes.webp\" alt=\"Playa infantil en las Landas\" class=\"wp-image-6024\" srcset=\"https:\/\/camping-albret.com\/wp-content\/uploads\/sites\/48\/2023\/09\/Plage-pour-enfants-dans-les-landes.webp 2000w, https:\/\/camping-albret.com\/wp-content\/uploads\/sites\/48\/2023\/09\/Plage-pour-enfants-dans-les-landes-300x200.webp 300w, https:\/\/camping-albret.com\/wp-content\/uploads\/sites\/48\/2023\/09\/Plage-pour-enfants-dans-les-landes-1024x682.webp 1024w, https:\/\/camping-albret.com\/wp-content\/uploads\/sites\/48\/2023\/09\/Plage-pour-enfants-dans-les-landes-768x512.webp 768w, https:\/\/camping-albret.com\/wp-content\/uploads\/sites\/48\/2023\/09\/Plage-pour-enfants-dans-les-landes-1536x1024.webp 1536w\" \/><\/a><\/figure>\n<\/div>\n<\/div>\n<\/div>\n<\/div>\n<\/div>\n\n<div class=\"wp-block-group overflow-hidden is-layout-flow wp-block-group-is-layout-flow\" style=\"padding-top:0;padding-bottom:0\">\n<div class=\"wp-block-columns are-vertically-aligned-center is-layout-flex wp-container-core-columns-is-layout-28232c24 wp-block-columns-is-layout-flex\">\n<div class=\"wp-block-column is-vertically-aligned-center is-layout-flow wp-block-column-is-layout-flow\">\n<figure class=\"wp-block-image size-full blobed m-n-l-20\"><a href=\"https:\/\/camping-albret.com\/wp-content\/uploads\/sites\/48\/2023\/09\/Surf-pour-debutant-dans-les-landes.webp\"><img decoding=\"async\" width=\"2000\" height=\"1598\" sizes=\"(max-width: min(calc(100% - 15vw), 2000px)) 100vw, min(calc(100% - 15vw), 2000px)\" src=\"https:\/\/camping-albret.com\/wp-content\/uploads\/sites\/48\/2023\/09\/Surf-pour-debutant-dans-les-landes.webp\" alt=\"Surf para principiantes en las Landas\" class=\"wp-image-6023\" srcset=\"https:\/\/camping-albret.com\/wp-content\/uploads\/sites\/48\/2023\/09\/Surf-pour-debutant-dans-les-landes.webp 2000w, https:\/\/camping-albret.com\/wp-content\/uploads\/sites\/48\/2023\/09\/Surf-pour-debutant-dans-les-landes-300x240.webp 300w, https:\/\/camping-albret.com\/wp-content\/uploads\/sites\/48\/2023\/09\/Surf-pour-debutant-dans-les-landes-1024x818.webp 1024w, https:\/\/camping-albret.com\/wp-content\/uploads\/sites\/48\/2023\/09\/Surf-pour-debutant-dans-les-landes-768x614.webp 768w, https:\/\/camping-albret.com\/wp-content\/uploads\/sites\/48\/2023\/09\/Surf-pour-debutant-dans-les-landes-1536x1227.webp 1536w\" \/><\/a><\/figure>\n<\/div>\n\n\n\n<div class=\"wp-block-column is-vertically-aligned-center is-layout-flow wp-block-column-is-layout-flow\" style=\"padding-right:var(--wp--preset--spacing--80);padding-left:var(--wp--preset--spacing--80)\">\n<div class=\"wp-block-group is-layout-flow wp-block-group-is-layout-flow\" style=\"padding-right:var(--wp--preset--spacing--40);padding-bottom:0;padding-left:var(--wp--preset--spacing--40)\">\n<h2 class=\"wp-block-heading\">Actividades n\u00e1uticas en las Landas<\/h2>\n\n\n\n<p>En las Landas, <strong>los aficionados a los deportes n\u00e1uticos<\/strong> encontrar\u00e1n multitud de opciones para dar rienda suelta a su pasi\u00f3n.  <\/p>\n\n\n\n<p>Ya sea en el lago, el oc\u00e9ano o el r\u00edo, la regi\u00f3n ofrece una amplia gama de actividades, desde<strong> surf y pirag\u00fcismo<\/strong> hasta<strong> stand-up paddle (SUP)<\/strong> y mucho m\u00e1s.  <\/p>\n\n\n\n<p>Tanto principiantes como expertos pueden apuntarse a los<strong> cursos y cursillos de iniciaci\u00f3n <\/strong>que imparten varias escuelas y clubes de surf de renombre, como la One Palm Surf School de L\u00e9on y la Contis Surf School de Saint-Julien-en-Born.<\/p>\n\n\n\n<p><strong>Aprenda a navegar<\/strong> en los<strong> lagos<\/strong> de Hossegor, L\u00e9on y Soustons.<\/p>\n\n\n\n<p>Para <strong>los aficionados a la pesca<\/strong>, no faltan oportunidades: lagos, r\u00edos y paseos en barco, por no hablar del oc\u00e9ano.<\/p>\n\n\n\n<p>Para vivir una experiencia <strong>emocionante<\/strong>, opte por<strong> las motos acu\u00e1ticas <\/strong>en Capbreton.<\/p>\n\n\n\n<p>La costa de las Landas alberga numerosos <strong>puntos de surf de fama mundial<\/strong>, como &#8220;La Gravi\u00e8re&#8221; y &#8220;La Nord&#8221;, en Hossegor. Hay<strong> muchas escuelas <\/strong>donde aprender a hacer surf o mejorar tus habilidades. Los m\u00e1s cercanos est\u00e1n a s\u00f3lo 1 km del camping Paradis Albret. Encontrar\u00e1 todo el equipo que necesite in situ. De mayo a octubre se celebran numerosos concursos, as\u00ed que no querr\u00e1 perderse nada.    <\/p>\n<\/div>\n<\/div>\n<\/div>\n<\/div>\n\n<div class=\"wp-block-group overflow-visible has-background is-layout-constrained wp-container-core-group-is-layout-612028c2 wp-block-group-is-layout-constrained\" style=\"border-top-color:var(--wp--preset--color--white);border-top-width:12rem;border-right-color:var(--wp--preset--color--white);border-bottom-color:var(--wp--preset--color--white);border-left-color:var(--wp--preset--color--white);background:linear-gradient(174deg,rgb(255,255,255) 29%,rgb(173,219,243) 29%);margin-top:0rem;margin-bottom:0;padding-top:var(--wp--preset--spacing--80);padding-bottom:8rem\">\n<figure class=\"wp-block-image size-full is-resized rellax is-style-gt-bg-image-bottom-left\"><img decoding=\"async\" sizes=\"(max-width: min(calc(100% - 15vw), 273px)) 100vw, min(calc(100% - 15vw), 273px)\" src=\"https:\/\/camping-albret.com\/wp-content\/uploads\/sites\/48\/2023\/05\/actualites-camping-paradis.png\" alt=\"noticias Camping Paradis\" class=\"wp-image-841\" style=\"width:205px;height:164px\" width=\"205\" height=\"164\"\/><\/figure>\n\n\n\n<h2 class=\"wp-block-heading has-text-align-center z-index-3 position-relative m-n-t-20 animated fadeInUp has-large-font-size\">M\u00e1s informaci\u00f3n sobre nuestras actividades, nuestras parcelas y c\u00f3mo convertirse en propietario<\/h2>\n\n\n\n<div class=\"wp-block-group is-content-justification-center is-layout-constrained wp-container-core-group-is-layout-1557714b wp-block-group-is-layout-constrained\">\n<hr class=\"wp-block-separator has-text-color has-link-color-color has-alpha-channel-opacity has-link-color-background-color has-background animated fadeInUp delay-200ms\"\/>\n<\/div>\n\n\n\r\n<div \r\n     \r\n    class=\"gt-maillage-block animated fadeInUp delay-100ms slow\" \r\n    style=\"\"\r\n>\r\n\r\n    \r\n        \r\n        <article \r\n    class=\"gt-cta gt-cta--page\" \r\n    style=\"aspect-ratio:1\/1\"\r\n>\r\n    <a href=\"https:\/\/camping-albret.com\/es\/actividades-y-eventos\/\" title=\"Actividades y eventos\" class=\"gt-cta__link\">\r\n        <div class=\"gt-cta__thumb\">\r\n                            <img alt=\"surf femme plage albret\" decoding=\"async\" width=\"1900\" height=\"702\" src=\"https:\/\/camping-albret.com\/wp-content\/uploads\/sites\/48\/2023\/10\/surf-femme-plage-albret.webp\" class=\"attachment-full size-full wp-post-image\" alt=\"\" srcset=\"https:\/\/camping-albret.com\/wp-content\/uploads\/sites\/48\/2023\/10\/surf-femme-plage-albret.webp 1900w, https:\/\/camping-albret.com\/wp-content\/uploads\/sites\/48\/2023\/10\/surf-femme-plage-albret-300x111.webp 300w, https:\/\/camping-albret.com\/wp-content\/uploads\/sites\/48\/2023\/10\/surf-femme-plage-albret-1024x378.webp 1024w, https:\/\/camping-albret.com\/wp-content\/uploads\/sites\/48\/2023\/10\/surf-femme-plage-albret-768x284.webp 768w, https:\/\/camping-albret.com\/wp-content\/uploads\/sites\/48\/2023\/10\/surf-femme-plage-albret-1536x568.webp 1536w\" sizes=\"(max-width: 1900px) 100vw, 1900px\" \/>                    <\/div>\r\n        <div class=\"gt-cta__content\">\r\n            <div class=\"gt-cta__title\">\r\n                Actividades y eventos            <\/div>\r\n        <\/div>\r\n    <\/a>\r\n<\/article>\r\n    \r\n        <article \r\n    class=\"gt-cta gt-cta--page\" \r\n    style=\"aspect-ratio:1\/1\"\r\n>\r\n    <a href=\"https:\/\/camping-albret.com\/es\/nuestras-parcelas\/\" title=\"Nuestras parcelas\" class=\"gt-cta__link\">\r\n        <div class=\"gt-cta__thumb\">\r\n                            <img alt=\"emplacement caravaning camping messanges\" decoding=\"async\" width=\"1900\" height=\"702\" src=\"https:\/\/camping-albret.com\/wp-content\/uploads\/sites\/48\/2023\/09\/emplacement-caravaning-camping-messanges.webp\" class=\"attachment-full size-full wp-post-image\" alt=\"\" srcset=\"https:\/\/camping-albret.com\/wp-content\/uploads\/sites\/48\/2023\/09\/emplacement-caravaning-camping-messanges.webp 1900w, https:\/\/camping-albret.com\/wp-content\/uploads\/sites\/48\/2023\/09\/emplacement-caravaning-camping-messanges-300x111.webp 300w, https:\/\/camping-albret.com\/wp-content\/uploads\/sites\/48\/2023\/09\/emplacement-caravaning-camping-messanges-1024x378.webp 1024w, https:\/\/camping-albret.com\/wp-content\/uploads\/sites\/48\/2023\/09\/emplacement-caravaning-camping-messanges-768x284.webp 768w, https:\/\/camping-albret.com\/wp-content\/uploads\/sites\/48\/2023\/09\/emplacement-caravaning-camping-messanges-1536x568.webp 1536w\" sizes=\"(max-width: 1900px) 100vw, 1900px\" \/>                    <\/div>\r\n        <div class=\"gt-cta__content\">\r\n            <div class=\"gt-cta__title\">\r\n                Nuestras parcelas            <\/div>\r\n        <\/div>\r\n    <\/a>\r\n<\/article>\r\n            \r\n<\/div><\/div>\n","protected":false},"excerpt":{"rendered":"<p>Su Camping Paradis junto al mar en las Landas A s\u00f3lo 700 m del camping, le espera el oc\u00e9ano Atl\u00e1ntico. En el programa: un vigorizante ba\u00f1o en las olas, tomar el sol en las numerosas playas de arena y un merecido descanso. Camping Paradis cerca de las playas: su estancia en la costa atl\u00e1ntica en [&hellip;]<\/p>\n","protected":false},"author":1,"featured_media":6786,"parent":0,"menu_order":18,"comment_status":"closed","ping_status":"closed","template":"","meta":{"_acf_changed":false,"footnotes":""},"class_list":["post-6774","page","type-page","status-publish","has-post-thumbnail","hentry"],"acf":[],"yoast_head":"<!-- This site is optimized with the Yoast SEO plugin v24.8.1 - https:\/\/yoast.com\/wordpress\/plugins\/seo\/ -->\n<title>Camping cerca del mar Messanges | Camping cerca de las playas Landas<\/title>\n<meta name=\"robots\" content=\"index, follow, max-snippet:-1, max-image-preview:large, max-video-preview:-1\" \/>\n<link rel=\"canonical\" href=\"https:\/\/camping-albret.com\/es\/camping-junto-al-mar-messanges\/\" \/>\n<meta property=\"og:locale\" content=\"es_ES\" \/>\n<meta property=\"og:type\" content=\"article\" \/>\n<meta property=\"og:title\" content=\"Camping cerca del mar Messanges | Camping cerca de las playas Landas\" \/>\n<meta property=\"og:description\" content=\"Su Camping Paradis junto al mar en las Landas A s\u00f3lo 700 m del camping, le espera el oc\u00e9ano Atl\u00e1ntico. En el programa: un vigorizante ba\u00f1o en las olas, tomar el sol en las numerosas playas de arena y un merecido descanso. Camping Paradis cerca de las playas: su estancia en la costa atl\u00e1ntica en [&hellip;]\" \/>\n<meta property=\"og:url\" content=\"https:\/\/camping-albret.com\/es\/camping-junto-al-mar-messanges\/\" \/>\n<meta property=\"og:site_name\" content=\"Camping Paradis Albret - Site Officiel - Meilleur Prix Garanti\" \/>\n<meta property=\"article:modified_time\" content=\"2023-11-29T13:27:30+00:00\" \/>\n<meta property=\"og:image\" content=\"http:\/\/camping-albret.com\/wp-content\/uploads\/sites\/48\/2023\/09\/Plage-a-proximite-du-camping-paradis-Albret_2000_766.webp\" \/>\n\t<meta property=\"og:image:width\" content=\"2000\" \/>\n\t<meta property=\"og:image:height\" content=\"766\" \/>\n\t<meta property=\"og:image:type\" content=\"image\/webp\" \/>\n<meta name=\"twitter:card\" content=\"summary_large_image\" \/>\n<meta name=\"twitter:label1\" content=\"Tiempo de lectura\" \/>\n\t<meta name=\"twitter:data1\" content=\"5 minutos\" \/>\n<script type=\"application\/ld+json\" class=\"yoast-schema-graph\">{\"@context\":\"https:\/\/schema.org\",\"@graph\":[{\"@type\":\"WebPage\",\"@id\":\"https:\/\/camping-albret.com\/es\/camping-junto-al-mar-messanges\/\",\"url\":\"https:\/\/camping-albret.com\/es\/camping-junto-al-mar-messanges\/\",\"name\":\"Camping cerca del mar Messanges | Camping cerca de las playas Landas\",\"isPartOf\":{\"@id\":\"https:\/\/camping-albret.com\/es\/#website\"},\"primaryImageOfPage\":{\"@id\":\"https:\/\/camping-albret.com\/es\/camping-junto-al-mar-messanges\/#primaryimage\"},\"image\":{\"@id\":\"https:\/\/camping-albret.com\/es\/camping-junto-al-mar-messanges\/#primaryimage\"},\"thumbnailUrl\":\"https:\/\/camping-albret.com\/wp-content\/uploads\/sites\/48\/2023\/09\/Plage-a-proximite-du-camping-paradis-Albret_2000_766.webp\",\"datePublished\":\"2023-06-26T09:01:46+00:00\",\"dateModified\":\"2023-11-29T13:27:30+00:00\",\"breadcrumb\":{\"@id\":\"https:\/\/camping-albret.com\/es\/camping-junto-al-mar-messanges\/#breadcrumb\"},\"inLanguage\":\"es\",\"potentialAction\":[{\"@type\":\"ReadAction\",\"target\":[\"https:\/\/camping-albret.com\/es\/camping-junto-al-mar-messanges\/\"]}]},{\"@type\":\"ImageObject\",\"inLanguage\":\"es\",\"@id\":\"https:\/\/camping-albret.com\/es\/camping-junto-al-mar-messanges\/#primaryimage\",\"url\":\"https:\/\/camping-albret.com\/wp-content\/uploads\/sites\/48\/2023\/09\/Plage-a-proximite-du-camping-paradis-Albret_2000_766.webp\",\"contentUrl\":\"https:\/\/camping-albret.com\/wp-content\/uploads\/sites\/48\/2023\/09\/Plage-a-proximite-du-camping-paradis-Albret_2000_766.webp\",\"width\":2000,\"height\":766},{\"@type\":\"BreadcrumbList\",\"@id\":\"https:\/\/camping-albret.com\/es\/camping-junto-al-mar-messanges\/#breadcrumb\",\"itemListElement\":[{\"@type\":\"ListItem\",\"position\":1,\"name\":\"Inicio\",\"item\":\"https:\/\/camping-albret.com\/es\/\"},{\"@type\":\"ListItem\",\"position\":2,\"name\":\"Camping cerca de las playas de las Landas\"}]},{\"@type\":\"WebSite\",\"@id\":\"https:\/\/camping-albret.com\/es\/#website\",\"url\":\"https:\/\/camping-albret.com\/es\/\",\"name\":\"Camping Paradis Albret - Site Officiel - Meilleur Prix Garanti\",\"description\":\"\",\"publisher\":{\"@id\":\"https:\/\/camping-albret.com\/es\/#organization\"},\"potentialAction\":[{\"@type\":\"SearchAction\",\"target\":{\"@type\":\"EntryPoint\",\"urlTemplate\":\"https:\/\/camping-albret.com\/es\/?s={search_term_string}\"},\"query-input\":{\"@type\":\"PropertyValueSpecification\",\"valueRequired\":true,\"valueName\":\"search_term_string\"}}],\"inLanguage\":\"es\"},{\"@type\":\"Organization\",\"@id\":\"https:\/\/camping-albret.com\/es\/#organization\",\"name\":\"Camping Paradis Albret - Site Officiel - Meilleur Prix Garanti\",\"url\":\"https:\/\/camping-albret.com\/es\/\",\"logo\":{\"@type\":\"ImageObject\",\"inLanguage\":\"es\",\"@id\":\"https:\/\/camping-albret.com\/es\/#\/schema\/logo\/image\/\",\"url\":\"https:\/\/camping-albret.com\/wp-content\/uploads\/sites\/48\/2024\/07\/LOGO-CP-ALBRET.png\",\"contentUrl\":\"https:\/\/camping-albret.com\/wp-content\/uploads\/sites\/48\/2024\/07\/LOGO-CP-ALBRET.png\",\"width\":2048,\"height\":1280,\"caption\":\"Camping Paradis Albret - Site Officiel - Meilleur Prix Garanti\"},\"image\":{\"@id\":\"https:\/\/camping-albret.com\/es\/#\/schema\/logo\/image\/\"}}]}<\/script>\n<!-- \/ Yoast SEO plugin. -->","yoast_head_json":{"title":"Camping cerca del mar Messanges | Camping cerca de las playas Landas","robots":{"index":"index","follow":"follow","max-snippet":"max-snippet:-1","max-image-preview":"max-image-preview:large","max-video-preview":"max-video-preview:-1"},"canonical":"https:\/\/camping-albret.com\/es\/camping-junto-al-mar-messanges\/","og_locale":"es_ES","og_type":"article","og_title":"Camping cerca del mar Messanges | Camping cerca de las playas Landas","og_description":"Su Camping Paradis junto al mar en las Landas A s\u00f3lo 700 m del camping, le espera el oc\u00e9ano Atl\u00e1ntico. En el programa: un vigorizante ba\u00f1o en las olas, tomar el sol en las numerosas playas de arena y un merecido descanso. Camping Paradis cerca de las playas: su estancia en la costa atl\u00e1ntica en [&hellip;]","og_url":"https:\/\/camping-albret.com\/es\/camping-junto-al-mar-messanges\/","og_site_name":"Camping Paradis Albret - Site Officiel - Meilleur Prix Garanti","article_modified_time":"2023-11-29T13:27:30+00:00","og_image":[{"width":2000,"height":766,"url":"http:\/\/camping-albret.com\/wp-content\/uploads\/sites\/48\/2023\/09\/Plage-a-proximite-du-camping-paradis-Albret_2000_766.webp","type":"image\/webp"}],"twitter_card":"summary_large_image","twitter_misc":{"Tiempo de lectura":"5 minutos"},"schema":{"@context":"https:\/\/schema.org","@graph":[{"@type":"WebPage","@id":"https:\/\/camping-albret.com\/es\/camping-junto-al-mar-messanges\/","url":"https:\/\/camping-albret.com\/es\/camping-junto-al-mar-messanges\/","name":"Camping cerca del mar Messanges | Camping cerca de las playas Landas","isPartOf":{"@id":"https:\/\/camping-albret.com\/es\/#website"},"primaryImageOfPage":{"@id":"https:\/\/camping-albret.com\/es\/camping-junto-al-mar-messanges\/#primaryimage"},"image":{"@id":"https:\/\/camping-albret.com\/es\/camping-junto-al-mar-messanges\/#primaryimage"},"thumbnailUrl":"https:\/\/camping-albret.com\/wp-content\/uploads\/sites\/48\/2023\/09\/Plage-a-proximite-du-camping-paradis-Albret_2000_766.webp","datePublished":"2023-06-26T09:01:46+00:00","dateModified":"2023-11-29T13:27:30+00:00","breadcrumb":{"@id":"https:\/\/camping-albret.com\/es\/camping-junto-al-mar-messanges\/#breadcrumb"},"inLanguage":"es","potentialAction":[{"@type":"ReadAction","target":["https:\/\/camping-albret.com\/es\/camping-junto-al-mar-messanges\/"]}]},{"@type":"ImageObject","inLanguage":"es","@id":"https:\/\/camping-albret.com\/es\/camping-junto-al-mar-messanges\/#primaryimage","url":"https:\/\/camping-albret.com\/wp-content\/uploads\/sites\/48\/2023\/09\/Plage-a-proximite-du-camping-paradis-Albret_2000_766.webp","contentUrl":"https:\/\/camping-albret.com\/wp-content\/uploads\/sites\/48\/2023\/09\/Plage-a-proximite-du-camping-paradis-Albret_2000_766.webp","width":2000,"height":766},{"@type":"BreadcrumbList","@id":"https:\/\/camping-albret.com\/es\/camping-junto-al-mar-messanges\/#breadcrumb","itemListElement":[{"@type":"ListItem","position":1,"name":"Inicio","item":"https:\/\/camping-albret.com\/es\/"},{"@type":"ListItem","position":2,"name":"Camping cerca de las playas de las Landas"}]},{"@type":"WebSite","@id":"https:\/\/camping-albret.com\/es\/#website","url":"https:\/\/camping-albret.com\/es\/","name":"Camping Paradis Albret - Site Officiel - Meilleur Prix Garanti","description":"","publisher":{"@id":"https:\/\/camping-albret.com\/es\/#organization"},"potentialAction":[{"@type":"SearchAction","target":{"@type":"EntryPoint","urlTemplate":"https:\/\/camping-albret.com\/es\/?s={search_term_string}"},"query-input":{"@type":"PropertyValueSpecification","valueRequired":true,"valueName":"search_term_string"}}],"inLanguage":"es"},{"@type":"Organization","@id":"https:\/\/camping-albret.com\/es\/#organization","name":"Camping Paradis Albret - Site Officiel - Meilleur Prix Garanti","url":"https:\/\/camping-albret.com\/es\/","logo":{"@type":"ImageObject","inLanguage":"es","@id":"https:\/\/camping-albret.com\/es\/#\/schema\/logo\/image\/","url":"https:\/\/camping-albret.com\/wp-content\/uploads\/sites\/48\/2024\/07\/LOGO-CP-ALBRET.png","contentUrl":"https:\/\/camping-albret.com\/wp-content\/uploads\/sites\/48\/2024\/07\/LOGO-CP-ALBRET.png","width":2048,"height":1280,"caption":"Camping Paradis Albret - Site Officiel - Meilleur Prix Garanti"},"image":{"@id":"https:\/\/camping-albret.com\/es\/#\/schema\/logo\/image\/"}}]}},"_links":{"self":[{"href":"https:\/\/camping-albret.com\/es\/wp-json\/wp\/v2\/pages\/6774","targetHints":{"allow":["GET"]}}],"collection":[{"href":"https:\/\/camping-albret.com\/es\/wp-json\/wp\/v2\/pages"}],"about":[{"href":"https:\/\/camping-albret.com\/es\/wp-json\/wp\/v2\/types\/page"}],"author":[{"embeddable":true,"href":"https:\/\/camping-albret.com\/es\/wp-json\/wp\/v2\/users\/1"}],"replies":[{"embeddable":true,"href":"https:\/\/camping-albret.com\/es\/wp-json\/wp\/v2\/comments?post=6774"}],"version-history":[{"count":7,"href":"https:\/\/camping-albret.com\/es\/wp-json\/wp\/v2\/pages\/6774\/revisions"}],"predecessor-version":[{"id":7671,"href":"https:\/\/camping-albret.com\/es\/wp-json\/wp\/v2\/pages\/6774\/revisions\/7671"}],"wp:featuredmedia":[{"embeddable":true,"href":"https:\/\/camping-albret.com\/es\/wp-json\/wp\/v2\/media\/6786"}],"wp:attachment":[{"href":"https:\/\/camping-albret.com\/es\/wp-json\/wp\/v2\/media?parent=6774"}],"curies":[{"name":"wp","href":"https:\/\/api.w.org\/{rel}","templated":true}]}}