{"id":6828,"date":"2023-06-26T11:07:31","date_gmt":"2023-06-26T09:07:31","guid":{"rendered":"https:\/\/camping-albret.com\/servicios\/"},"modified":"2025-06-20T17:10:26","modified_gmt":"2025-06-20T15:10:26","slug":"servicios","status":"publish","type":"page","link":"https:\/\/camping-albret.com\/es\/servicios\/","title":{"rendered":"Servicios"},"content":{"rendered":"\n<div class=\"wp-block-group is-layout-constrained wp-container-core-group-is-layout-de7fdcdd wp-block-group-is-layout-constrained\" style=\"padding-top:var(--wp--preset--spacing--60);padding-bottom:var(--wp--preset--spacing--80)\">\n<h1 class=\"wp-block-heading has-text-align-center has-link-color-color has-text-color has-ursula-font-family\" style=\"margin-top:var(--wp--preset--spacing--60);margin-right:var(--wp--preset--spacing--60);margin-bottom:var(--wp--preset--spacing--60);margin-left:var(--wp--preset--spacing--60);padding-top:var(--wp--preset--spacing--60);padding-right:var(--wp--preset--spacing--60);padding-bottom:var(--wp--preset--spacing--60);padding-left:var(--wp--preset--spacing--60);font-style:normal;font-weight:500;line-height:1\">Su estancia en el Camping Paradis familiar en las Landas<\/h1>\n\n\n\n<div class=\"wp-block-columns is-layout-flex wp-container-core-columns-is-layout-87beb0d0 wp-block-columns-is-layout-flex\">\n<div class=\"wp-block-column is-layout-flow wp-container-core-column-is-layout-119bc444 wp-block-column-is-layout-flow\">\n<figure class=\"wp-block-image size-large has-custom-border alignfull animated fadeIn slow\"><a href=\"https:\/\/camping-albret.com\/wp-content\/uploads\/sites\/48\/2023\/09\/emplacement-arbore-tente-camping-1024x769.webp\"><img decoding=\"async\" width=\"1024\" height=\"769\" sizes=\"(max-width: min(calc(100% - 15vw), 1024px)) 100vw, min(calc(100% - 15vw), 1024px)\" src=\"https:\/\/camping-albret.com\/wp-content\/uploads\/sites\/48\/2023\/09\/emplacement-arbore-tente-camping-1024x769.webp\" alt=\"ubicaci&#xF3;n arbore tente camping\" class=\"wp-image-6068\" style=\"border-top-left-radius:2rem;aspect-ratio:3\/2;object-fit:cover\" srcset=\"https:\/\/camping-albret.com\/wp-content\/uploads\/sites\/48\/2023\/09\/emplacement-arbore-tente-camping-1024x769.webp 1024w, https:\/\/camping-albret.com\/wp-content\/uploads\/sites\/48\/2023\/09\/emplacement-arbore-tente-camping-300x225.webp 300w, https:\/\/camping-albret.com\/wp-content\/uploads\/sites\/48\/2023\/09\/emplacement-arbore-tente-camping-768x577.webp 768w, https:\/\/camping-albret.com\/wp-content\/uploads\/sites\/48\/2023\/09\/emplacement-arbore-tente-camping.webp 1200w\" \/><\/a><\/figure>\n\n\n\n<figure class=\"wp-block-image size-large alignfull animated fadeIn delay-200ms slow\"><a href=\"https:\/\/camping-albret.com\/wp-content\/uploads\/sites\/48\/2023\/09\/vue-haut-landes-foret-plage-1024x683.webp\"><img decoding=\"async\" width=\"1024\" height=\"683\" sizes=\"(max-width: min(calc(100% - 15vw), 1024px)) 100vw, min(calc(100% - 15vw), 1024px)\" src=\"https:\/\/camping-albret.com\/wp-content\/uploads\/sites\/48\/2023\/09\/vue-haut-landes-foret-plage-1024x683.webp\" alt=\"vue haut landes foret plage\" class=\"wp-image-6085\" style=\"aspect-ratio:3\/2;object-fit:cover\" srcset=\"https:\/\/camping-albret.com\/wp-content\/uploads\/sites\/48\/2023\/09\/vue-haut-landes-foret-plage-1024x683.webp 1024w, https:\/\/camping-albret.com\/wp-content\/uploads\/sites\/48\/2023\/09\/vue-haut-landes-foret-plage-300x200.webp 300w, https:\/\/camping-albret.com\/wp-content\/uploads\/sites\/48\/2023\/09\/vue-haut-landes-foret-plage-768x512.webp 768w, https:\/\/camping-albret.com\/wp-content\/uploads\/sites\/48\/2023\/09\/vue-haut-landes-foret-plage.webp 1200w\" \/><\/a><\/figure>\n<\/div>\n\n\n\n<div class=\"wp-block-column is-vertically-aligned-top is-layout-constrained wp-container-core-column-is-layout-254f1302 wp-block-column-is-layout-constrained\" style=\"padding-top:0;padding-right:0;padding-bottom:0;padding-left:0\">\n<figure class=\"wp-block-image size-full alignfull refill animated fadeIn delay-100ms slow is-style-default\"><a href=\"https:\/\/camping-albret.com\/wp-content\/uploads\/sites\/48\/2023\/10\/landes-pins-plage-albret.webp\"><img decoding=\"async\" width=\"552\" height=\"700\" sizes=\"(max-width: min(calc(100% - 15vw), 552px)) 100vw, min(calc(100% - 15vw), 552px)\" src=\"https:\/\/camping-albret.com\/wp-content\/uploads\/sites\/48\/2023\/10\/landes-pins-plage-albret.webp\" alt=\"landes pine beach albret\" class=\"wp-image-6258\" style=\"aspect-ratio:3\/4;object-fit:cover\" srcset=\"https:\/\/camping-albret.com\/wp-content\/uploads\/sites\/48\/2023\/10\/landes-pins-plage-albret.webp 552w, https:\/\/camping-albret.com\/wp-content\/uploads\/sites\/48\/2023\/10\/landes-pins-plage-albret-237x300.webp 237w\" \/><\/a><\/figure>\n<\/div>\n\n\n\n<div class=\"wp-block-column is-layout-flow wp-block-column-is-layout-flow\" style=\"padding-top:var(--wp--preset--spacing--30);padding-right:var(--wp--preset--spacing--30);padding-bottom:var(--wp--preset--spacing--30);padding-left:var(--wp--preset--spacing--30);flex-basis:33.33%\">\n<div class=\"wp-block-group is-layout-flow wp-block-group-is-layout-flow\" style=\"padding-right:var(--wp--preset--spacing--40);padding-bottom:0;padding-left:var(--wp--preset--spacing--40)\">\n<h2 class=\"wp-block-heading\">Bienvenido a nuestro camping<\/h2>\n\n\n\n<p>Abierto del 31 de mayo de 2024 al 30 de septiembre de 2024, su<strong> camping familiar en Messanges<\/strong> le abre sus puertas para unas vacaciones en plena naturaleza en las Landas. Nuestra recepci\u00f3n est\u00e1 abierta todos los d\u00edas de 9h a 12h y de 16h a 19h (20h en temporada alta).<\/p>\n<\/div>\n<\/div>\n<\/div>\n<\/div>\n\n<div class=\"wp-block-group overflow-hidden is-layout-flow wp-block-group-is-layout-flow\" style=\"margin-top:0;margin-bottom:0;padding-top:0;padding-bottom:0\">\n<div class=\"wp-block-group overflow-hidden has-color-4-background-color has-background is-layout-flow wp-block-group-is-layout-flow\" style=\"padding-top:0;padding-bottom:0\">\n<div class=\"wp-block-columns are-vertically-aligned-center is-layout-flex wp-container-core-columns-is-layout-28f84493 wp-block-columns-is-layout-flex\">\n<div class=\"wp-block-column is-vertically-aligned-center is-layout-flow wp-block-column-is-layout-flow\" style=\"padding-top:var(--wp--preset--spacing--80);padding-right:var(--wp--preset--spacing--80);padding-bottom:var(--wp--preset--spacing--80);padding-left:var(--wp--preset--spacing--80);flex-basis:50%\">\n<h2 class=\"wp-block-heading has-text-align-left has-ursula-font-family\">Tu panader\u00eda en el camping<\/h2>\n\n\n\n<div class=\"wp-block-group is-layout-constrained wp-container-core-group-is-layout-e96ec58c wp-block-group-is-layout-constrained\">\n<hr class=\"wp-block-separator has-text-color has-link-color-color has-alpha-channel-opacity has-link-color-background-color has-background\" \/>\n<\/div>\n\n\n\n<p>Todas las ma\u00f1anas en temporada alta, disfrute de las <strong>delicias de nuestra panader\u00eda<\/strong>, abierta de 9:00 a 12:30, que ofrece pan y boller\u00eda reci\u00e9n hechos en el coraz\u00f3n del camping. Todos los productos, seleccionados por su <strong>calidad y frescura<\/strong>, le garantizan un desayuno agradable para empezar bien el d\u00eda, a dos pasos de su parcela en nuestro <a href=\"https:\/\/camping-albret.com\/es\/\">Camping Paradis en Messanges<\/a>.<\/p>\n<\/div>\n\n\n\n<div class=\"wp-block-column is-vertically-aligned-center is-layout-flow wp-block-column-is-layout-flow\" style=\"flex-basis:50%\">\n<div class=\"wp-block-group overflow-auto is-layout-flow wp-block-group-is-layout-flow\" style=\"padding-left:var(--wp--preset--spacing--80)\">\n<figure class=\"wp-block-image alignright size-full alignfull blobed\"><a href=\"https:\/\/camping-albret.com\/wp-content\/uploads\/sites\/48\/2023\/10\/depot-de-pain-camping-messanges.webp\"><img decoding=\"async\" width=\"1200\" height=\"800\" sizes=\"(max-width: min(calc(100% - 15vw), 1200px)) 100vw, min(calc(100% - 15vw), 1200px)\" src=\"https:\/\/camping-albret.com\/wp-content\/uploads\/sites\/48\/2023\/10\/depot-de-pain-camping-messanges.webp\" alt=\"dep&#xF3;sito de pan camping messanges\" class=\"wp-image-6200\" srcset=\"https:\/\/camping-albret.com\/wp-content\/uploads\/sites\/48\/2023\/10\/depot-de-pain-camping-messanges.webp 1200w, https:\/\/camping-albret.com\/wp-content\/uploads\/sites\/48\/2023\/10\/depot-de-pain-camping-messanges-300x200.webp 300w, https:\/\/camping-albret.com\/wp-content\/uploads\/sites\/48\/2023\/10\/depot-de-pain-camping-messanges-1024x683.webp 1024w, https:\/\/camping-albret.com\/wp-content\/uploads\/sites\/48\/2023\/10\/depot-de-pain-camping-messanges-768x512.webp 768w\" \/><\/a><\/figure>\n<\/div>\n<\/div>\n<\/div>\n<\/div>\n<\/div>\n\n<div class=\"wp-block-group overflow-hidden is-layout-flow wp-block-group-is-layout-flow\" style=\"padding-top:var(--wp--preset--spacing--60);padding-right:var(--wp--preset--spacing--60);padding-bottom:var(--wp--preset--spacing--60);padding-left:var(--wp--preset--spacing--60)\">\n<div class=\"wp-block-columns are-vertically-aligned-center is-layout-flex wp-container-core-columns-is-layout-28232c24 wp-block-columns-is-layout-flex\">\n<div class=\"wp-block-column is-vertically-aligned-center is-layout-flow wp-block-column-is-layout-flow\">\n<figure class=\"wp-block-image size-full is-resized blobed m-n-l-20\"><a href=\"https:\/\/camping-albret.com\/wp-content\/uploads\/sites\/48\/2023\/10\/snack-restauration-camping.webp\"><img decoding=\"async\" width=\"1200\" height=\"800\" sizes=\"(max-width: min(calc(100% - 15vw), 1024px)) 100vw, min(calc(100% - 15vw), 1024px)\" src=\"https:\/\/camping-albret.com\/wp-content\/uploads\/sites\/48\/2023\/10\/snack-restauration-camping.webp\" alt=\"snack bar restaurante camping\" class=\"wp-image-6198\" style=\"width:1024px;height:1024px\" srcset=\"https:\/\/camping-albret.com\/wp-content\/uploads\/sites\/48\/2023\/10\/snack-restauration-camping.webp 1200w, https:\/\/camping-albret.com\/wp-content\/uploads\/sites\/48\/2023\/10\/snack-restauration-camping-300x200.webp 300w, https:\/\/camping-albret.com\/wp-content\/uploads\/sites\/48\/2023\/10\/snack-restauration-camping-1024x683.webp 1024w, https:\/\/camping-albret.com\/wp-content\/uploads\/sites\/48\/2023\/10\/snack-restauration-camping-768x512.webp 768w\" \/><\/a><\/figure>\n<\/div>\n\n\n\n<div class=\"wp-block-column is-vertically-aligned-center is-layout-flow wp-block-column-is-layout-flow\" style=\"padding-right:var(--wp--preset--spacing--80);padding-left:var(--wp--preset--spacing--80)\">\n<div class=\"wp-block-group is-layout-flow wp-block-group-is-layout-flow\" style=\"padding-right:var(--wp--preset--spacing--40);padding-bottom:0;padding-left:var(--wp--preset--spacing--40)\">\n<h2 class=\"wp-block-heading has-color-1-color has-text-color has-ursula-font-family\">Pausa gastron\u00f3mica en el restaurante del camping<\/h2>\n\n\n\n<p>De 18.00 a 22.30 h, venga a degustar nuestras <strong>especialidades en el restaurante<\/strong> y disfrute de un momento de convivencia en el snack bar. Nuestros productos locales de temporada (de la regi\u00f3n de Las Landas) se transforman en <strong>platos gourmet<\/strong> para deleitar a grandes y peque\u00f1os. Aqu\u00ed, cada comida es un momento para compartir con los tuyos y con los dem\u00e1s campistas.<\/p>\n<\/div>\n<\/div>\n<\/div>\n<\/div>\n\n<div class=\"wp-block-group overflow-hidden has-color-4-background-color has-background is-layout-flow wp-block-group-is-layout-flow\" style=\"margin-top:0;margin-bottom:0;padding-top:var(--wp--preset--spacing--60);padding-right:var(--wp--preset--spacing--60);padding-bottom:var(--wp--preset--spacing--60);padding-left:var(--wp--preset--spacing--60)\">\n<div class=\"wp-block-columns are-vertically-aligned-center is-layout-flex wp-container-core-columns-is-layout-28232c24 wp-block-columns-is-layout-flex\">\n<div class=\"wp-block-column is-vertically-aligned-center is-layout-flow wp-block-column-is-layout-flow\" style=\"padding-right:var(--wp--preset--spacing--80);padding-left:var(--wp--preset--spacing--80)\">\n<div class=\"wp-block-group is-layout-flow wp-block-group-is-layout-flow\" style=\"padding-right:var(--wp--preset--spacing--40);padding-bottom:0;padding-left:var(--wp--preset--spacing--40)\">\n<h2 class=\"wp-block-heading\">La lavander\u00eda del camping Albret<\/h2>\n\n\n\n<div class=\"wp-block-group animated fadeInUp is-content-justification-left is-layout-constrained wp-container-core-group-is-layout-47aa373c wp-block-group-is-layout-constrained\">\n<hr class=\"wp-block-separator has-text-color has-link-color-color has-alpha-channel-opacity has-link-color-background-color has-background\" \/>\n<\/div>\n\n\n\n<p>En el coraz\u00f3n de nuestro Camping Paradis en las Landas, tendr\u00e1 acceso a la <strong>lavander\u00eda a trav\u00e9s de Washing, nuestro proveedor de servicios externo<\/strong>. Los precios est\u00e1n disponibles in situ. Su lavander\u00eda le ofrece la seguridad de una <strong>estancia pr\u00e1ctica y tranquila en plena naturaleza<\/strong>. Nuestro camping con lavander\u00eda ha pensado en todo para que sus vacaciones en familia sean sin\u00f3nimo de tranquilidad y momentos compartidos.<\/p>\n<\/div>\n<\/div>\n\n\n\n<div class=\"wp-block-column is-vertically-aligned-center is-layout-flow wp-block-column-is-layout-flow\">\n<figure class=\"wp-block-image size-full blobed m-n-r-20 animated fadeInRight slow\"><a href=\"https:\/\/camping-albret.com\/wp-content\/uploads\/sites\/48\/2023\/10\/service-disponible-laverie-linge.webp\"><img decoding=\"async\" width=\"1200\" height=\"800\" sizes=\"(max-width: min(calc(100% - 15vw), 1200px)) 100vw, min(calc(100% - 15vw), 1200px)\" src=\"https:\/\/camping-albret.com\/wp-content\/uploads\/sites\/48\/2023\/10\/service-disponible-laverie-linge.webp\" alt=\"servicio de lavander&#xED;a disponible\" class=\"wp-image-6202\" srcset=\"https:\/\/camping-albret.com\/wp-content\/uploads\/sites\/48\/2023\/10\/service-disponible-laverie-linge.webp 1200w, https:\/\/camping-albret.com\/wp-content\/uploads\/sites\/48\/2023\/10\/service-disponible-laverie-linge-300x200.webp 300w, https:\/\/camping-albret.com\/wp-content\/uploads\/sites\/48\/2023\/10\/service-disponible-laverie-linge-1024x683.webp 1024w, https:\/\/camping-albret.com\/wp-content\/uploads\/sites\/48\/2023\/10\/service-disponible-laverie-linge-768x512.webp 768w\" \/><\/a><\/figure>\n<\/div>\n<\/div>\n<\/div>\n\n<div class=\"wp-block-group is-layout-flow wp-block-group-is-layout-flow\" style=\"padding-top:var(--wp--preset--spacing--60);padding-right:var(--wp--preset--spacing--60);padding-bottom:var(--wp--preset--spacing--60);padding-left:var(--wp--preset--spacing--60)\">\n<div class=\"wp-block-columns are-vertically-aligned-center is-layout-flex wp-container-core-columns-is-layout-28232c24 wp-block-columns-is-layout-flex\">\n<div class=\"wp-block-column is-vertically-aligned-center is-layout-flow wp-block-column-is-layout-flow\">\n<figure class=\"wp-block-image size-full is-resized blobed m-n-l-20\"><a href=\"https:\/\/camping-albret.com\/wp-content\/uploads\/sites\/48\/2023\/10\/animaux-autorises-camping.webp\"><img decoding=\"async\" width=\"1200\" height=\"800\" sizes=\"(max-width: min(calc(100% - 15vw), 1024px)) 100vw, min(calc(100% - 15vw), 1024px)\" src=\"https:\/\/camping-albret.com\/wp-content\/uploads\/sites\/48\/2023\/10\/animaux-autorises-camping.webp\" alt=\"animales permitidos camping\" class=\"wp-image-6204\" style=\"width:1024px;height:1024px\" srcset=\"https:\/\/camping-albret.com\/wp-content\/uploads\/sites\/48\/2023\/10\/animaux-autorises-camping.webp 1200w, https:\/\/camping-albret.com\/wp-content\/uploads\/sites\/48\/2023\/10\/animaux-autorises-camping-300x200.webp 300w, https:\/\/camping-albret.com\/wp-content\/uploads\/sites\/48\/2023\/10\/animaux-autorises-camping-1024x683.webp 1024w, https:\/\/camping-albret.com\/wp-content\/uploads\/sites\/48\/2023\/10\/animaux-autorises-camping-768x512.webp 768w\" \/><\/a><\/figure>\n<\/div>\n\n\n\n<div class=\"wp-block-column is-vertically-aligned-center is-layout-flow wp-block-column-is-layout-flow\" style=\"padding-right:var(--wp--preset--spacing--80);padding-left:var(--wp--preset--spacing--80)\">\n<div class=\"wp-block-group is-layout-flow wp-block-group-is-layout-flow\" style=\"padding-right:var(--wp--preset--spacing--40);padding-bottom:0;padding-left:var(--wp--preset--spacing--40)\">\n<h2 class=\"wp-block-heading\">Viaje con su mascota  <\/h2>\n\n\n\n<p>Estamos encantados de <strong>recibirte a ti y a tus amigos de cuatro patas en nuestro camping<\/strong>. Se aceptan mascotas por un suplemento de 4 euros\/d\u00eda en parcelas descubiertas, 8 euros\/d\u00eda en alojamiento y 45 euros\/semana en alojamiento. Entendemos lo importante que es compartir las vacaciones con toda la familia y amigos, \u00a1incluso con los peludos! Incluso tenemos una ducha para perros junto al aseo principal. Se admiten perros con correa en las playas de Messanges.  <\/p>\n<\/div>\n<\/div>\n<\/div>\n<\/div>\n\n<div class=\"wp-block-group overflow-visible has-background is-layout-constrained wp-container-core-group-is-layout-612028c2 wp-block-group-is-layout-constrained\" style=\"border-top-color:var(--wp--preset--color--white);border-top-width:12rem;border-right-color:var(--wp--preset--color--white);border-bottom-color:var(--wp--preset--color--white);border-left-color:var(--wp--preset--color--white);background:linear-gradient(174deg,rgb(255,255,255) 29%,rgb(173,219,243) 29%);margin-top:0rem;margin-bottom:0;padding-top:var(--wp--preset--spacing--80);padding-bottom:8rem\">\n<figure class=\"wp-block-image size-full is-resized rellax is-style-gt-bg-image-bottom-left\"><img decoding=\"async\" width=\"273\" height=\"218\" sizes=\"(max-width: min(calc(100% - 15vw), 205px)) 100vw, min(calc(100% - 15vw), 205px)\" src=\"https:\/\/camping-albret.com\/wp-content\/uploads\/sites\/48\/2023\/05\/actualites-camping-paradis.png\" alt=\"noticias Camping Paradis\" class=\"wp-image-841\" style=\"width:205px;height:164px\"\/><\/figure>\n\n\n\n<h2 class=\"wp-block-heading has-text-align-center z-index-3 position-relative m-n-t-20 animated fadeInUp\">Descubra nuestra regi\u00f3n, nuestros eventos y la costa<\/h2>\n\n\n\n<div class=\"wp-block-group is-content-justification-center is-layout-constrained wp-container-core-group-is-layout-1557714b wp-block-group-is-layout-constrained\">\n<hr class=\"wp-block-separator has-text-color has-link-color-color has-alpha-channel-opacity has-link-color-background-color has-background animated fadeInUp delay-200ms\" \/>\n<\/div>\n\n\n\r\n<div \r\n     \r\n    class=\"gt-maillage-block animated fadeInUp delay-100ms slow\" \r\n    style=\"\"\r\n>\r\n\r\n    \r\n        \r\n        <article \r\n    class=\"gt-cta gt-cta--page\" \r\n    style=\"aspect-ratio:1\/1\"\r\n>\r\n    <a href=\"https:\/\/camping-albret.com\/es\/turismo\/\" title=\"Turismo\" class=\"gt-cta__link\">\r\n        <div class=\"gt-cta__thumb\">\r\n                            <img alt=\"promenade foret landes\" decoding=\"async\" width=\"1900\" height=\"702\" src=\"https:\/\/camping-albret.com\/wp-content\/uploads\/sites\/48\/2023\/10\/promenade-foret-landes.webp\" class=\"attachment-full size-full wp-post-image\" alt=\"\" srcset=\"https:\/\/camping-albret.com\/wp-content\/uploads\/sites\/48\/2023\/10\/promenade-foret-landes.webp 1900w, https:\/\/camping-albret.com\/wp-content\/uploads\/sites\/48\/2023\/10\/promenade-foret-landes-300x111.webp 300w, https:\/\/camping-albret.com\/wp-content\/uploads\/sites\/48\/2023\/10\/promenade-foret-landes-1024x378.webp 1024w, https:\/\/camping-albret.com\/wp-content\/uploads\/sites\/48\/2023\/10\/promenade-foret-landes-768x284.webp 768w, https:\/\/camping-albret.com\/wp-content\/uploads\/sites\/48\/2023\/10\/promenade-foret-landes-1536x568.webp 1536w\" sizes=\"(max-width: 1900px) 100vw, 1900px\" \/>                    <\/div>\r\n        <div class=\"gt-cta__content\">\r\n            <div class=\"gt-cta__title\">\r\n                Turismo            <\/div>\r\n        <\/div>\r\n    <\/a>\r\n<\/article>\r\n    \r\n        <article \r\n    class=\"gt-cta gt-cta--page\" \r\n    style=\"aspect-ratio:1\/1\"\r\n>\r\n    <a href=\"https:\/\/camping-albret.com\/es\/actividades-y-eventos\/\" title=\"Actividades y eventos\" class=\"gt-cta__link\">\r\n        <div class=\"gt-cta__thumb\">\r\n                            <img alt=\"surf femme plage albret\" decoding=\"async\" width=\"1900\" height=\"702\" src=\"https:\/\/camping-albret.com\/wp-content\/uploads\/sites\/48\/2023\/10\/surf-femme-plage-albret.webp\" class=\"attachment-full size-full wp-post-image\" alt=\"\" srcset=\"https:\/\/camping-albret.com\/wp-content\/uploads\/sites\/48\/2023\/10\/surf-femme-plage-albret.webp 1900w, https:\/\/camping-albret.com\/wp-content\/uploads\/sites\/48\/2023\/10\/surf-femme-plage-albret-300x111.webp 300w, https:\/\/camping-albret.com\/wp-content\/uploads\/sites\/48\/2023\/10\/surf-femme-plage-albret-1024x378.webp 1024w, https:\/\/camping-albret.com\/wp-content\/uploads\/sites\/48\/2023\/10\/surf-femme-plage-albret-768x284.webp 768w, https:\/\/camping-albret.com\/wp-content\/uploads\/sites\/48\/2023\/10\/surf-femme-plage-albret-1536x568.webp 1536w\" sizes=\"(max-width: 1900px) 100vw, 1900px\" \/>                    <\/div>\r\n        <div class=\"gt-cta__content\">\r\n            <div class=\"gt-cta__title\">\r\n                Actividades y eventos            <\/div>\r\n        <\/div>\r\n    <\/a>\r\n<\/article>\r\n    \r\n        <article \r\n    class=\"gt-cta gt-cta--page\" \r\n    style=\"aspect-ratio:1\/1\"\r\n>\r\n    <a href=\"https:\/\/camping-albret.com\/es\/camping-junto-al-mar-messanges\/\" title=\"Camping junto al mar\" class=\"gt-cta__link\">\r\n        <div class=\"gt-cta__thumb\">\r\n                            <img alt=\"Plage a proximite du camping paradis Albret_2000_766\" decoding=\"async\" width=\"2000\" height=\"766\" src=\"https:\/\/camping-albret.com\/wp-content\/uploads\/sites\/48\/2023\/09\/Plage-a-proximite-du-camping-paradis-Albret_2000_766.webp\" class=\"attachment-full size-full wp-post-image\" alt=\"\" srcset=\"https:\/\/camping-albret.com\/wp-content\/uploads\/sites\/48\/2023\/09\/Plage-a-proximite-du-camping-paradis-Albret_2000_766.webp 2000w, https:\/\/camping-albret.com\/wp-content\/uploads\/sites\/48\/2023\/09\/Plage-a-proximite-du-camping-paradis-Albret_2000_766-300x115.webp 300w, https:\/\/camping-albret.com\/wp-content\/uploads\/sites\/48\/2023\/09\/Plage-a-proximite-du-camping-paradis-Albret_2000_766-1024x392.webp 1024w, https:\/\/camping-albret.com\/wp-content\/uploads\/sites\/48\/2023\/09\/Plage-a-proximite-du-camping-paradis-Albret_2000_766-768x294.webp 768w, https:\/\/camping-albret.com\/wp-content\/uploads\/sites\/48\/2023\/09\/Plage-a-proximite-du-camping-paradis-Albret_2000_766-1536x588.webp 1536w\" sizes=\"(max-width: 2000px) 100vw, 2000px\" \/>                    <\/div>\r\n        <div class=\"gt-cta__content\">\r\n            <div class=\"gt-cta__title\">\r\n                Camping junto al mar            <\/div>\r\n        <\/div>\r\n    <\/a>\r\n<\/article>\r\n            \r\n<\/div><\/div>\n","protected":false},"excerpt":{"rendered":"<p>Su estancia en el Camping Paradis familiar en las Landas Bienvenido a nuestro camping Abierto del 31 de mayo de 2024 al 30 de septiembre de 2024, su camping familiar en Messanges le abre sus puertas para unas vacaciones en plena naturaleza en las Landas. Nuestra recepci\u00f3n est\u00e1 abierta todos los d\u00edas de 9h a [&hellip;]<\/p>\n","protected":false},"author":1,"featured_media":392023,"parent":0,"menu_order":47,"comment_status":"closed","ping_status":"closed","template":"","meta":{"_acf_changed":false,"footnotes":""},"class_list":["post-6828","page","type-page","status-publish","has-post-thumbnail","hentry"],"acf":[],"yoast_head":"<!-- This site is optimized with the Yoast SEO plugin v24.8.1 - https:\/\/yoast.com\/wordpress\/plugins\/seo\/ -->\n<title>Camping familiar Messanges | Bar en las Landas<\/title>\n<meta name=\"robots\" content=\"index, follow, max-snippet:-1, max-image-preview:large, max-video-preview:-1\" \/>\n<link rel=\"canonical\" href=\"https:\/\/camping-albret.com\/es\/servicios\/\" \/>\n<meta property=\"og:locale\" content=\"es_ES\" \/>\n<meta property=\"og:type\" content=\"article\" \/>\n<meta property=\"og:title\" content=\"Camping familiar Messanges | Bar en las Landas\" \/>\n<meta property=\"og:description\" content=\"Su estancia en el Camping Paradis familiar en las Landas Bienvenido a nuestro camping Abierto del 31 de mayo de 2024 al 30 de septiembre de 2024, su camping familiar en Messanges le abre sus puertas para unas vacaciones en plena naturaleza en las Landas. Nuestra recepci\u00f3n est\u00e1 abierta todos los d\u00edas de 9h a [&hellip;]\" \/>\n<meta property=\"og:url\" content=\"https:\/\/camping-albret.com\/es\/servicios\/\" \/>\n<meta property=\"og:site_name\" content=\"Camping Paradis Albret - Site Officiel - Meilleur Prix Garanti\" \/>\n<meta property=\"article:modified_time\" content=\"2025-06-20T15:10:26+00:00\" \/>\n<meta property=\"og:image\" content=\"http:\/\/camping-albret.com\/wp-content\/uploads\/sites\/48\/2025\/04\/Screenshot-2025-04-29-at-14-05-42-camping-paradis-albret-photots-Recherche-Google.png\" \/>\n\t<meta property=\"og:image:width\" content=\"691\" \/>\n\t<meta property=\"og:image:height\" content=\"493\" \/>\n\t<meta property=\"og:image:type\" content=\"image\/png\" \/>\n<meta name=\"twitter:card\" content=\"summary_large_image\" \/>\n<meta name=\"twitter:label1\" content=\"Tiempo de lectura\" \/>\n\t<meta name=\"twitter:data1\" content=\"2 minutos\" \/>\n<script type=\"application\/ld+json\" class=\"yoast-schema-graph\">{\"@context\":\"https:\/\/schema.org\",\"@graph\":[{\"@type\":\"WebPage\",\"@id\":\"https:\/\/camping-albret.com\/es\/servicios\/\",\"url\":\"https:\/\/camping-albret.com\/es\/servicios\/\",\"name\":\"Camping familiar Messanges | Bar en las Landas\",\"isPartOf\":{\"@id\":\"https:\/\/camping-albret.com\/es\/#website\"},\"primaryImageOfPage\":{\"@id\":\"https:\/\/camping-albret.com\/es\/servicios\/#primaryimage\"},\"image\":{\"@id\":\"https:\/\/camping-albret.com\/es\/servicios\/#primaryimage\"},\"thumbnailUrl\":\"https:\/\/camping-albret.com\/wp-content\/uploads\/sites\/48\/2025\/04\/Screenshot-2025-04-29-at-14-05-42-camping-paradis-albret-photots-Recherche-Google.png\",\"datePublished\":\"2023-06-26T09:07:31+00:00\",\"dateModified\":\"2025-06-20T15:10:26+00:00\",\"breadcrumb\":{\"@id\":\"https:\/\/camping-albret.com\/es\/servicios\/#breadcrumb\"},\"inLanguage\":\"es\",\"potentialAction\":[{\"@type\":\"ReadAction\",\"target\":[\"https:\/\/camping-albret.com\/es\/servicios\/\"]}]},{\"@type\":\"ImageObject\",\"inLanguage\":\"es\",\"@id\":\"https:\/\/camping-albret.com\/es\/servicios\/#primaryimage\",\"url\":\"https:\/\/camping-albret.com\/wp-content\/uploads\/sites\/48\/2025\/04\/Screenshot-2025-04-29-at-14-05-42-camping-paradis-albret-photots-Recherche-Google.png\",\"contentUrl\":\"https:\/\/camping-albret.com\/wp-content\/uploads\/sites\/48\/2025\/04\/Screenshot-2025-04-29-at-14-05-42-camping-paradis-albret-photots-Recherche-Google.png\",\"width\":691,\"height\":493},{\"@type\":\"BreadcrumbList\",\"@id\":\"https:\/\/camping-albret.com\/es\/servicios\/#breadcrumb\",\"itemListElement\":[{\"@type\":\"ListItem\",\"position\":1,\"name\":\"Inicio\",\"item\":\"https:\/\/camping-albret.com\/es\/\"},{\"@type\":\"ListItem\",\"position\":2,\"name\":\"Vacaciones en familia en el camping Messanges\"}]},{\"@type\":\"WebSite\",\"@id\":\"https:\/\/camping-albret.com\/es\/#website\",\"url\":\"https:\/\/camping-albret.com\/es\/\",\"name\":\"Camping Paradis Albret - Site Officiel - Meilleur Prix Garanti\",\"description\":\"\",\"publisher\":{\"@id\":\"https:\/\/camping-albret.com\/es\/#organization\"},\"potentialAction\":[{\"@type\":\"SearchAction\",\"target\":{\"@type\":\"EntryPoint\",\"urlTemplate\":\"https:\/\/camping-albret.com\/es\/?s={search_term_string}\"},\"query-input\":{\"@type\":\"PropertyValueSpecification\",\"valueRequired\":true,\"valueName\":\"search_term_string\"}}],\"inLanguage\":\"es\"},{\"@type\":\"Organization\",\"@id\":\"https:\/\/camping-albret.com\/es\/#organization\",\"name\":\"Camping Paradis Albret - Site Officiel - Meilleur Prix Garanti\",\"url\":\"https:\/\/camping-albret.com\/es\/\",\"logo\":{\"@type\":\"ImageObject\",\"inLanguage\":\"es\",\"@id\":\"https:\/\/camping-albret.com\/es\/#\/schema\/logo\/image\/\",\"url\":\"https:\/\/camping-albret.com\/wp-content\/uploads\/sites\/48\/2024\/07\/LOGO-CP-ALBRET.png\",\"contentUrl\":\"https:\/\/camping-albret.com\/wp-content\/uploads\/sites\/48\/2024\/07\/LOGO-CP-ALBRET.png\",\"width\":2048,\"height\":1280,\"caption\":\"Camping Paradis Albret - Site Officiel - Meilleur Prix Garanti\"},\"image\":{\"@id\":\"https:\/\/camping-albret.com\/es\/#\/schema\/logo\/image\/\"}}]}<\/script>\n<!-- \/ Yoast SEO plugin. -->","yoast_head_json":{"title":"Camping familiar Messanges | Bar en las Landas","robots":{"index":"index","follow":"follow","max-snippet":"max-snippet:-1","max-image-preview":"max-image-preview:large","max-video-preview":"max-video-preview:-1"},"canonical":"https:\/\/camping-albret.com\/es\/servicios\/","og_locale":"es_ES","og_type":"article","og_title":"Camping familiar Messanges | Bar en las Landas","og_description":"Su estancia en el Camping Paradis familiar en las Landas Bienvenido a nuestro camping Abierto del 31 de mayo de 2024 al 30 de septiembre de 2024, su camping familiar en Messanges le abre sus puertas para unas vacaciones en plena naturaleza en las Landas. Nuestra recepci\u00f3n est\u00e1 abierta todos los d\u00edas de 9h a [&hellip;]","og_url":"https:\/\/camping-albret.com\/es\/servicios\/","og_site_name":"Camping Paradis Albret - Site Officiel - Meilleur Prix Garanti","article_modified_time":"2025-06-20T15:10:26+00:00","og_image":[{"width":691,"height":493,"url":"http:\/\/camping-albret.com\/wp-content\/uploads\/sites\/48\/2025\/04\/Screenshot-2025-04-29-at-14-05-42-camping-paradis-albret-photots-Recherche-Google.png","type":"image\/png"}],"twitter_card":"summary_large_image","twitter_misc":{"Tiempo de lectura":"2 minutos"},"schema":{"@context":"https:\/\/schema.org","@graph":[{"@type":"WebPage","@id":"https:\/\/camping-albret.com\/es\/servicios\/","url":"https:\/\/camping-albret.com\/es\/servicios\/","name":"Camping familiar Messanges | Bar en las Landas","isPartOf":{"@id":"https:\/\/camping-albret.com\/es\/#website"},"primaryImageOfPage":{"@id":"https:\/\/camping-albret.com\/es\/servicios\/#primaryimage"},"image":{"@id":"https:\/\/camping-albret.com\/es\/servicios\/#primaryimage"},"thumbnailUrl":"https:\/\/camping-albret.com\/wp-content\/uploads\/sites\/48\/2025\/04\/Screenshot-2025-04-29-at-14-05-42-camping-paradis-albret-photots-Recherche-Google.png","datePublished":"2023-06-26T09:07:31+00:00","dateModified":"2025-06-20T15:10:26+00:00","breadcrumb":{"@id":"https:\/\/camping-albret.com\/es\/servicios\/#breadcrumb"},"inLanguage":"es","potentialAction":[{"@type":"ReadAction","target":["https:\/\/camping-albret.com\/es\/servicios\/"]}]},{"@type":"ImageObject","inLanguage":"es","@id":"https:\/\/camping-albret.com\/es\/servicios\/#primaryimage","url":"https:\/\/camping-albret.com\/wp-content\/uploads\/sites\/48\/2025\/04\/Screenshot-2025-04-29-at-14-05-42-camping-paradis-albret-photots-Recherche-Google.png","contentUrl":"https:\/\/camping-albret.com\/wp-content\/uploads\/sites\/48\/2025\/04\/Screenshot-2025-04-29-at-14-05-42-camping-paradis-albret-photots-Recherche-Google.png","width":691,"height":493},{"@type":"BreadcrumbList","@id":"https:\/\/camping-albret.com\/es\/servicios\/#breadcrumb","itemListElement":[{"@type":"ListItem","position":1,"name":"Inicio","item":"https:\/\/camping-albret.com\/es\/"},{"@type":"ListItem","position":2,"name":"Vacaciones en familia en el camping Messanges"}]},{"@type":"WebSite","@id":"https:\/\/camping-albret.com\/es\/#website","url":"https:\/\/camping-albret.com\/es\/","name":"Camping Paradis Albret - Site Officiel - Meilleur Prix Garanti","description":"","publisher":{"@id":"https:\/\/camping-albret.com\/es\/#organization"},"potentialAction":[{"@type":"SearchAction","target":{"@type":"EntryPoint","urlTemplate":"https:\/\/camping-albret.com\/es\/?s={search_term_string}"},"query-input":{"@type":"PropertyValueSpecification","valueRequired":true,"valueName":"search_term_string"}}],"inLanguage":"es"},{"@type":"Organization","@id":"https:\/\/camping-albret.com\/es\/#organization","name":"Camping Paradis Albret - Site Officiel - Meilleur Prix Garanti","url":"https:\/\/camping-albret.com\/es\/","logo":{"@type":"ImageObject","inLanguage":"es","@id":"https:\/\/camping-albret.com\/es\/#\/schema\/logo\/image\/","url":"https:\/\/camping-albret.com\/wp-content\/uploads\/sites\/48\/2024\/07\/LOGO-CP-ALBRET.png","contentUrl":"https:\/\/camping-albret.com\/wp-content\/uploads\/sites\/48\/2024\/07\/LOGO-CP-ALBRET.png","width":2048,"height":1280,"caption":"Camping Paradis Albret - Site Officiel - Meilleur Prix Garanti"},"image":{"@id":"https:\/\/camping-albret.com\/es\/#\/schema\/logo\/image\/"}}]}},"_links":{"self":[{"href":"https:\/\/camping-albret.com\/es\/wp-json\/wp\/v2\/pages\/6828","targetHints":{"allow":["GET"]}}],"collection":[{"href":"https:\/\/camping-albret.com\/es\/wp-json\/wp\/v2\/pages"}],"about":[{"href":"https:\/\/camping-albret.com\/es\/wp-json\/wp\/v2\/types\/page"}],"author":[{"embeddable":true,"href":"https:\/\/camping-albret.com\/es\/wp-json\/wp\/v2\/users\/1"}],"replies":[{"embeddable":true,"href":"https:\/\/camping-albret.com\/es\/wp-json\/wp\/v2\/comments?post=6828"}],"version-history":[{"count":15,"href":"https:\/\/camping-albret.com\/es\/wp-json\/wp\/v2\/pages\/6828\/revisions"}],"predecessor-version":[{"id":393082,"href":"https:\/\/camping-albret.com\/es\/wp-json\/wp\/v2\/pages\/6828\/revisions\/393082"}],"wp:featuredmedia":[{"embeddable":true,"href":"https:\/\/camping-albret.com\/es\/wp-json\/wp\/v2\/media\/392023"}],"wp:attachment":[{"href":"https:\/\/camping-albret.com\/es\/wp-json\/wp\/v2\/media?parent=6828"}],"curies":[{"name":"wp","href":"https:\/\/api.w.org\/{rel}","templated":true}]}}